{"id":2222,"date":"2022-10-25T15:26:37","date_gmt":"2022-10-25T13:26:37","guid":{"rendered":"https:\/\/atlas-guinee-conakry.teledetection.fr\/?page_id=2222"},"modified":"2023-04-19T17:26:19","modified_gmt":"2023-04-19T15:26:19","slug":"cartographie-du-potentiel-agricole","status":"publish","type":"page","link":"https:\/\/zaeg.teledetection.fr\/?page_id=2222","title":{"rendered":"Cartographie des vocations agricoles des terres"},"content":{"rendered":"<div data-colibri-id=\"2222-c1\" class=\"style-1775 style-local-2222-c1 position-relative\">\n  <!---->\n  <div data-colibri-component=\"section\" data-colibri-id=\"2222-c2\" id=\"custom\" class=\"h-section h-section-global-spacing d-flex align-items-lg-center align-items-md-center align-items-center style-1776 style-local-2222-c2 position-relative\">\n    <!---->\n    <!---->\n    <div class=\"h-section-grid-container h-section-boxed-container\">\n      <div data-colibri-id=\"2222-c9\" class=\"h-row-container gutters-row-lg-2 gutters-row-md-2 gutters-row-0 gutters-row-v-lg-2 gutters-row-v-md-2 gutters-row-v-2 style-1780 style-local-2222-c9 position-relative\">\n        <!---->\n        <div class=\"h-row justify-content-lg-center justify-content-md-center justify-content-center align-items-lg-stretch align-items-md-stretch align-items-stretch gutters-col-lg-2 gutters-col-md-2 gutters-col-0 gutters-col-v-lg-2 gutters-col-v-md-2 gutters-col-v-2\">\n          <!---->\n          <div class=\"h-column h-column-container d-flex h-col-lg-auto h-col-md-auto h-col-auto style-1781-outer style-local-2222-c10-outer\">\n            <div data-colibri-id=\"2222-c10\" class=\"d-flex h-flex-basis h-column__inner h-px-lg-2 h-px-md-2 h-px-2 v-inner-lg-2 v-inner-md-2 v-inner-2 style-1781 style-local-2222-c10 position-relative\">\n              <!---->\n              <!---->\n              <div class=\"w-100 h-y-container h-column__content h-column__v-align flex-basis-100 align-self-lg-start align-self-md-start align-self-start\">\n                <!---->\n                <div data-colibri-id=\"2222-c11\" class=\"h-global-transition-all h-heading style-1782 style-local-2222-c11 position-relative h-element\">\n                  <!---->\n                  <div class=\"h-heading__outer style-1782 style-local-2222-c11\">\n                    <!---->\n                    <!---->\n                    <h2 class=\"\">Cartographie du zonage agro-\u00e9cologique\n                      <br>et de la vocation agricole des terres<\/h2>\n                  <\/div>\n                <\/div>\n                <div data-colibri-id=\"2222-c12\" class=\"h-text h-text-component style-1783 style-local-2222-c12 position-relative h-element\">\n                  <!---->\n                  <!---->\n                  <div class=\"\">\n                    <p>Le Zonage Agro\u00c9cologique (ZAE) d\u00e9finit des zones homog\u00e8nes sur base de l&rsquo;interaction des caract\u00e9ristiques de sols, de la g\u00e9omorphologie et du climat. Il repose sur une analyse multicrit\u00e8re de l\u2019aptitude des terres \u00e0 l\u2019agriculture et\n                      \u00e0 la production v\u00e9g\u00e9tale. Il permet d\u2019estimer la vocation agricole des terres lorsqu\u2019il est combin\u00e9 \u00e0 une information sur leur usage actuel ou futur.&nbsp;<\/p>\n                  <\/div>\n                <\/div>\n              <\/div>\n            <\/div>\n          <\/div>\n        <\/div>\n      <\/div>\n      <div data-colibri-id=\"2222-c3\" class=\"h-row-container gutters-row-lg-2 gutters-row-md-2 gutters-row-0 gutters-row-v-lg-2 gutters-row-v-md-2 gutters-row-v-2 style-1777 style-local-2222-c3 position-relative\">\n        <!---->\n        <div class=\"h-row justify-content-lg-center justify-content-md-center justify-content-center align-items-lg-stretch align-items-md-stretch align-items-stretch gutters-col-lg-2 gutters-col-md-2 gutters-col-0 gutters-col-v-lg-2 gutters-col-v-md-2 gutters-col-v-2\">\n          <!---->\n          <div class=\"h-column h-column-container d-flex h-col-lg-auto h-col-md-auto h-col-auto style-1778-outer style-local-2222-c4-outer\">\n            <div data-colibri-id=\"2222-c4\" class=\"d-flex h-flex-basis h-column__inner h-px-lg-0 h-px-md-0 h-px-0 v-inner-lg-0 v-inner-md-0 v-inner-0 style-1778 style-local-2222-c4 position-relative\">\n              <!---->\n              <!---->\n              <div class=\"w-100 h-y-container h-column__content h-column__v-align flex-basis-100 align-self-lg-start align-self-md-start align-self-start\">\n                <!---->\n                <div data-colibri-id=\"2222-c5\" class=\"h-text h-text-component style-1796 style-local-2222-c5 position-relative h-element\">\n                  <!---->\n                  <!---->\n                  <div class=\"\">\n                    <p>\u00d8&nbsp;<strong>Le zonage agro-\u00e9cologique<\/strong> d\u00e9finit des zones homog\u00e8nes en termes de relief, de climat et de sols, et donc au final en termes de potentiel de production agricole. Il repose sur une analyse multicrit\u00e8re de l\u2019aptitude\n                      des terres \u00e0 la production Agricole. Selon la FAO (1976<strong>), l\u2019aptitude agronomique d\u2019une terre<\/strong> correspond \u00e0 \u00ab l\u2019aptitude d&rsquo;un type de terre donn\u00e9 \u00e0 un type d&rsquo;utilisation donn\u00e9, dans son \u00e9tat actuel ou apr\u00e8s l&rsquo;apport\n                      de certaines am\u00e9liorations \u00bb. En l\u2019absence d\u2019\u2019am\u00e9nagements majeurs (irrigation, terrassements, drainage, etc.) l\u2019aptitude agronomique d\u2019une terre repose essentiellement sur le climat, la g\u00e9omorphologie et sur les caract\u00e9ristiques\n                      intrins\u00e8ques des sols (p\u00e9dologie). La combinaison de ces param\u00e8tres permet de classer les terres selon des niveaux d\u2019aptitudes agronomiques allant d\u2019inapte \u00e0 tr\u00e8s apte. L\u2019aptitude agronomique des terres est classifi\u00e9e en reprenant\n                      les recommandations de la FAO (1983) :<\/p>\n                    <p>\u00d8&nbsp;<strong>La vocation agricole des terres<\/strong><\/p>\n                    <p>d\u00e9pend d\u2019une part de leur aptitude agronomique et d\u2019autre part des usages actuels ou futurs qui leurs sont r\u00e9serv\u00e9s. Elle d\u00e9pend en particulier de l\u2019occupation des sols actuelle et des zonages existants d\u00e9finissant les espaces r\u00e9serv\u00e9s\n                      \u00e0 d\u2019autres usages que l\u2019agriculture : aires prot\u00e9g\u00e9es, for\u00eats class\u00e9es, p\u00e9rim\u00e8tres miniers, extensions urbaines, etc.<\/p>\n                  <\/div>\n                <\/div>\n              <\/div>\n            <\/div>\n          <\/div>\n          <div class=\"h-column h-column-container d-flex h-col-lg-auto h-col-md-auto h-col-auto style-3454-outer style-local-2222-c56-outer\">\n            <div data-colibri-id=\"2222-c56\" class=\"d-flex h-flex-basis h-column__inner h-px-lg-1 h-px-md-1 h-px-1 v-inner-lg-1 v-inner-md-1 v-inner-1 style-3454 style-local-2222-c56 position-relative\">\n              <!---->\n              <!---->\n              <div class=\"w-100 h-y-container h-column__content h-column__v-align flex-basis-100 align-self-lg-start align-self-md-start align-self-start\">\n                <!---->\n                <div data-colibri-id=\"2222-c7\" class=\"d-block style-1800 style-local-2222-c7 position-relative h-element\">\n                  <!---->\n                  <div class=\"h-image__frame-container-outer\">\n                    <div class=\"h-image__frame-container\">\n                      <!---->\n                      <!---->\n                      <img loading=\"lazy\" decoding=\"async\" width=\"1338\" height=\"677\" src=\"https:\/\/zaeg.teledetection.fr\/wp-content\/uploads\/2022\/11\/classes_aptitudes.png\" class=\"wp-image-2584 style-1800-image style-local-2222-c7-image\" alt=\"Classes d&#039;aptitudes\" srcset=\"https:\/\/zaeg.teledetection.fr\/wp-content\/uploads\/2022\/11\/classes_aptitudes.png 1338w, https:\/\/zaeg.teledetection.fr\/wp-content\/uploads\/2022\/11\/classes_aptitudes-300x152.png 300w, https:\/\/zaeg.teledetection.fr\/wp-content\/uploads\/2022\/11\/classes_aptitudes-1024x518.png 1024w, https:\/\/zaeg.teledetection.fr\/wp-content\/uploads\/2022\/11\/classes_aptitudes-768x389.png 768w\" sizes=\"auto, (max-width: 1338px) 100vw, 1338px\" \/>\n                      <div class=\"h-image__frame h-hide-lg h-hide-md h-hide-sm style-1800-frameImage style-local-2222-c7-frameImage\"><\/div>\n                    <\/div>\n                  <\/div>\n                <\/div>\n                <div data-colibri-id=\"2222-c60\" class=\"d-block style-3458 style-local-2222-c60 position-relative h-element\">\n                  <!---->\n                  <div class=\"h-image__frame-container-outer\">\n                    <div class=\"h-image__frame-container\">\n                      <!---->\n                      <!---->\n                      <img loading=\"lazy\" decoding=\"async\" width=\"1391\" height=\"515\" src=\"https:\/\/zaeg.teledetection.fr\/wp-content\/uploads\/2023\/04\/tableau-vocations.png\" class=\"wp-image-6000 style-3458-image style-local-2222-c60-image\" alt=\"\" srcset=\"https:\/\/zaeg.teledetection.fr\/wp-content\/uploads\/2023\/04\/tableau-vocations.png 1391w, https:\/\/zaeg.teledetection.fr\/wp-content\/uploads\/2023\/04\/tableau-vocations-300x111.png 300w, https:\/\/zaeg.teledetection.fr\/wp-content\/uploads\/2023\/04\/tableau-vocations-1024x379.png 1024w, https:\/\/zaeg.teledetection.fr\/wp-content\/uploads\/2023\/04\/tableau-vocations-768x284.png 768w\" sizes=\"auto, (max-width: 1391px) 100vw, 1391px\" \/>\n                      <div class=\"h-image__frame h-hide-lg h-hide-md h-hide-sm style-3458-frameImage style-local-2222-c60-frameImage\"><\/div>\n                    <\/div>\n                  <\/div>\n                <\/div>\n              <\/div>\n            <\/div>\n          <\/div>\n        <\/div>\n      <\/div>\n      <div data-colibri-id=\"2222-c57\" class=\"h-row-container gutters-row-lg-2 gutters-row-md-2 gutters-row-0 gutters-row-v-lg-2 gutters-row-v-md-2 gutters-row-v-2 style-3455 style-local-2222-c57 position-relative\">\n        <!---->\n        <div class=\"h-row justify-content-lg-center justify-content-md-center justify-content-center align-items-lg-stretch align-items-md-stretch align-items-stretch gutters-col-lg-2 gutters-col-md-2 gutters-col-0 gutters-col-v-lg-2 gutters-col-v-md-2 gutters-col-v-2\">\n          <!---->\n          <div class=\"h-column h-column-container d-flex h-col-lg-auto h-col-md-auto h-col-auto style-3456-outer style-local-2222-c58-outer\">\n            <div data-colibri-id=\"2222-c58\" class=\"d-flex h-flex-basis h-column__inner h-ui-empty-state-container h-px-lg-2 h-px-md-2 h-px-2 v-inner-lg-2 v-inner-md-2 v-inner-2 style-3456 style-local-2222-c58 position-relative\">\n              <!---->\n              <!---->\n              <div class=\"w-100 h-y-container h-column__content h-column__v-align flex-basis-100\">\n                <!---->\n              <\/div>\n            <\/div>\n          <\/div>\n        <\/div>\n      <\/div>\n    <\/div>\n  <\/div>\n  <div data-colibri-component=\"section\" data-colibri-id=\"2222-c13\" id=\"features\" class=\"h-section h-section-global-spacing d-flex align-items-lg-center align-items-md-center align-items-center style-1859 style-local-2222-c13 position-relative\">\n    <!---->\n    <!---->\n    <div class=\"h-section-grid-container h-section-boxed-container\">\n      <div data-colibri-id=\"2222-c31\" class=\"h-row-container gutters-row-lg-2 gutters-row-md-2 gutters-row-0 gutters-row-v-lg-2 gutters-row-v-md-2 gutters-row-v-2 style-1868 style-local-2222-c31 position-relative\">\n        <!---->\n        <div class=\"h-row justify-content-lg-center justify-content-md-center justify-content-center align-items-lg-stretch align-items-md-stretch align-items-stretch gutters-col-lg-2 gutters-col-md-2 gutters-col-0 gutters-col-v-lg-2 gutters-col-v-md-2 gutters-col-v-2\">\n          <!---->\n          <div class=\"h-column h-column-container d-flex h-col-lg-auto h-col-md-auto h-col-auto style-1869-outer style-local-2222-c32-outer\">\n            <div data-colibri-id=\"2222-c32\" class=\"d-flex h-flex-basis h-column__inner h-px-lg-2 h-px-md-2 h-px-2 v-inner-lg-2 v-inner-md-2 v-inner-2 style-1869 style-local-2222-c32 position-relative\">\n              <!---->\n              <!---->\n              <div class=\"w-100 h-y-container h-column__content h-column__v-align flex-basis-100 align-self-lg-start align-self-md-start align-self-start\">\n                <!---->\n                <div data-colibri-id=\"2222-c33\" class=\"h-global-transition-all h-heading style-1870 style-local-2222-c33 position-relative h-element\">\n                  <!---->\n                  <div class=\"h-heading__outer style-1870 style-local-2222-c33\">\n                    <!---->\n                    <!---->\n                    <h4 class=\"\">2. Cartographie du zonage agro-\u00e9cologique (aptitude agronomique des terres)<\/h4>\n                  <\/div>\n                <\/div>\n                <div data-colibri-id=\"2222-c34\" class=\"h-text h-text-component style-1871 style-local-2222-c34 position-relative h-element\">\n                  <!---->\n                  <!---->\n                  <div class=\"\">\n                    <p>2.1. Aptitude des terres selon le climat<\/p>\n                  <\/div>\n                <\/div>\n                <div data-colibri-id=\"2222-c35\" class=\"h-text h-text-component style-1880 style-local-2222-c35 position-relative h-element\">\n                  <!---->\n                  <!---->\n                  <div class=\"\">\n                    <p>Dans de nombreuses r\u00e9gions tropicales, les conditions sont trop s\u00e8ches durant une partie de l&rsquo;ann\u00e9e pour permettre la croissance des plantes sans irrigation, tandis que sous un climat temp\u00e9r\u00e9, la production des cultures est limit\u00e9e\n                      par les basses temp\u00e9ratures hivernales. Le calcul de la p\u00e9riode de croissance permet de d\u00e9finir la p\u00e9riode de l&rsquo;ann\u00e9e o\u00f9 sont r\u00e9unies les conditions de temp\u00e9rature et d&rsquo;humidit\u00e9 ad\u00e9quates pour la production agricole. La p\u00e9riode de\n                      croissance constitue un cadre de d\u00e9finitions des variables climatiques pour ensuite les confronter aux besoins et aux probables r\u00e9ponses des plantes. Ce concept est essentiel aux ZAE ; c&rsquo;est un moyen d&rsquo;inclure la p\u00e9riodicit\u00e9 saisonni\u00e8re\n                      dans l&rsquo;\u00e9valuation des ressources en terres. La longueur de la p\u00e9riode de croissance (LPC) est un param\u00e8tre synth\u00e9tique qui prend en compte les p\u00e9riodes de s\u00e9cheresse, les mois froids, l\u2019\u00e9vapotranspiration, etc. Celle-ci d\u00e9bute apr\u00e8s\n                      la saison des pluies o\u00f9 g\u00e9n\u00e9ralement les sols sont satur\u00e9s en eau.<\/p>\n                  <\/div>\n                <\/div>\n              <\/div>\n            <\/div>\n          <\/div>\n        <\/div>\n      <\/div>\n      <div data-colibri-id=\"2222-c14\" class=\"h-row-container gutters-row-lg-2 gutters-row-md-2 gutters-row-2 gutters-row-v-lg-2 gutters-row-v-md-2 gutters-row-v-2 style-1860 style-local-2222-c14 position-relative\">\n        <!---->\n        <div class=\"h-row justify-content-lg-center justify-content-md-center justify-content-center align-items-lg-stretch align-items-md-stretch align-items-stretch gutters-col-lg-2 gutters-col-md-2 gutters-col-2 gutters-col-v-lg-2 gutters-col-v-md-2 gutters-col-v-2\">\n          <!---->\n          <div class=\"h-column h-column-container d-flex h-col-lg-auto h-col-md-auto h-col-auto style-1861-outer style-local-2222-c15-outer\">\n            <div data-colibri-id=\"2222-c15\" class=\"d-flex h-flex-basis h-column__inner h-px-lg-0 h-px-md-0 h-px-2 v-inner-lg-0 v-inner-md-0 v-inner-2 style-1861 style-local-2222-c15 position-relative\">\n              <!---->\n              <!---->\n              <div class=\"w-100 h-y-container h-column__content h-column__v-align flex-basis-100 align-self-lg-start align-self-md-start align-self-start\">\n                <!---->\n                <div data-colibri-id=\"2222-c16\" class=\"h-row-container gutters-row-lg-1 gutters-row-md-1 gutters-row-0 gutters-row-v-lg-1 gutters-row-v-md-1 gutters-row-v-2 style-1862 style-local-2222-c16 position-relative\">\n                  <!---->\n                  <div class=\"h-row justify-content-lg-center justify-content-md-center justify-content-center align-items-lg-stretch align-items-md-stretch align-items-stretch gutters-col-lg-1 gutters-col-md-1 gutters-col-0 gutters-col-v-lg-1 gutters-col-v-md-1 gutters-col-v-2\">\n                    <!---->\n                    <div class=\"h-column h-column-container d-flex h-col-lg-12 h-col-md-12 h-col-12 style-1865-outer style-local-2222-c17-outer\">\n                      <div data-colibri-id=\"2222-c17\" class=\"d-flex h-flex-basis h-column__inner h-px-lg-1 h-px-md-1 h-px-1 v-inner-lg-1 v-inner-md-1 v-inner-1 style-1865 style-local-2222-c17 position-relative\">\n                        <!---->\n                        <!---->\n                        <div class=\"w-100 h-y-container h-column__content h-column__v-align flex-basis-100 align-self-lg-start align-self-md-start align-self-start\">\n                          <!---->\n                          <div data-colibri-id=\"2222-c18\" class=\"h-global-transition-all h-heading style-1866 style-local-2222-c18 position-relative h-element\">\n                            <!---->\n                            <div class=\"h-heading__outer style-1866 style-local-2222-c18\">\n                              <!---->\n                              <!---->\n                              <h6 class=\"\">2.1.1 Mod\u00e8le LPC<\/h6>\n                            <\/div>\n                          <\/div>\n                          <div data-colibri-id=\"2222-c19\" class=\"h-text h-text-component style-1867 style-local-2222-c19 position-relative h-element\">\n                            <!---->\n                            <!---->\n                            <div class=\"\">\n                              <p>La Longueur de la P\u00e9riode de Croissance (LPC) correspond au nombre de mois o\u00f9 la temp\u00e9rature moyenne mensuelle (Tmoy-m) est &gt; 5 \u00b0C, et o\u00f9 le bilan hydrique mensuel (Bhm) est &gt; 0. Les donn\u00e9es utilis\u00e9es pour le calcul\n                                du bilan hydrique mensuel (Bhm) sont issues de la base Worldclim Version-2 [2]. Il est donn\u00e9 par : <\/p>\n                              <p>&nbsp;&nbsp;&nbsp;&nbsp;&nbsp;&nbsp;&nbsp;&nbsp;&nbsp;&nbsp;&nbsp;&nbsp;&nbsp;Bhm = (Pm \u2013 Etpm) + Rhm<\/p>\n                              <p>Avec :&nbsp;&nbsp;Pm: pr\u00e9cipitations cumul\u00e9es du mois en mm<\/p>\n                              <p>&nbsp;&nbsp;&nbsp;&nbsp;&nbsp;&nbsp;&nbsp;&nbsp;&nbsp;&nbsp;&nbsp;&nbsp;&nbsp;Etpm: \u00e9vapotranspiration cumul\u00e9e du mois en mm<\/p>\n                              <p>&nbsp;&nbsp;&nbsp;&nbsp;&nbsp;&nbsp;&nbsp;&nbsp;&nbsp;&nbsp;&nbsp;&nbsp;&nbsp;Rhm: r\u00e9serve hydrique du sol en d\u00e9but de mois en mm<\/p>\n                              <p>La r\u00e9serve hydrique de chaque mois (Rhm) est fonction du Bilan hydrique mensuel (Bhm) du mois pr\u00e9c\u00e9dent. Son mode de calcul suit la logique ci-dessous :<\/p>\n                              <p>&nbsp;&nbsp;&nbsp;&nbsp;&nbsp;&nbsp;&nbsp;&nbsp;&nbsp;&nbsp;&nbsp;&nbsp;&nbsp;&nbsp;&nbsp;&nbsp;&nbsp;&nbsp;&nbsp;&nbsp;&nbsp;&nbsp;&nbsp;&nbsp;&nbsp;&nbsp;&nbsp;Con [Bhm-1 &gt; 0,&nbsp;Rhm = BHm-1]<\/p>\n                              <p>&nbsp;&nbsp;&nbsp;&nbsp;&nbsp;&nbsp;&nbsp;&nbsp;&nbsp;&nbsp;&nbsp;&nbsp;&nbsp;&nbsp;&nbsp;&nbsp;&nbsp;&nbsp;&nbsp;&nbsp;&nbsp;&nbsp;&nbsp;&nbsp;&nbsp;&nbsp;&nbsp;Con [Bhm-1 \u2264 0,&nbsp;Rhm = 0)]<\/p>\n                              <p>Le Bilan hydrique mensuel (Bhm) est calcul\u00e9 mois apr\u00e8s mois. Son point de d\u00e9part est relatif \u00e0 une situation de sol satur\u00e9 en eau, g\u00e9n\u00e9ralement apr\u00e8s la saison des pluies. Dans ce cas, la Rhm = Ru (R\u00e9serve utile du sol).\n                                Cette derni\u00e8re, d\u00e9pend de la profondeur et du type de sol. Pour chaque type de sols sera estim\u00e9e une \u00ab\u00a0Ru\u00a0\u00bb selon la notice fournie par Boulvert (1983) et des donn\u00e9es de l\u2019ISRIC. Dans le cas de la R\u00e9publique de Guin\u00e9e, le\n                                point de d\u00e9part pour le calcul du bilan hydrique mensuel (Bhm), de celui de la R\u00e9serve hydrique mensuelle (Rhm) et enfin de la P\u00e9riode de Croissance mensuelle (PCm) est fix\u00e9 au mois d\u2019octobre (dixi\u00e8me mois de l\u2019ann\u00e9e).<\/p>\n                            <\/div>\n                          <\/div>\n                        <\/div>\n                      <\/div>\n                    <\/div>\n                    <div class=\"h-column h-column-container d-flex h-col-lg-12 h-col-md-12 h-col-12 style-1888-outer style-local-2222-c20-outer\">\n                      <div data-colibri-id=\"2222-c20\" class=\"d-flex h-flex-basis h-column__inner h-px-lg-2 h-px-md-2 h-px-2 v-inner-lg-2 v-inner-md-2 v-inner-2 style-1888 style-local-2222-c20 position-relative\">\n                        <!---->\n                        <!---->\n                        <div class=\"w-100 h-y-container h-column__content h-column__v-align flex-basis-100 align-self-lg-start align-self-md-start align-self-start\">\n                          <!---->\n                          <div data-colibri-id=\"2222-c21\" class=\"h-text h-text-component style-1889 style-local-2222-c21 position-relative h-element\">\n                            <!---->\n                            <!---->\n                            <div class=\"\">\n                              <p>2.1.2 Calcul de la r\u00e9serve utile (Ru)\n                                <br>\n                              <\/p>\n                            <\/div>\n                          <\/div>\n                          <div data-colibri-id=\"2222-c22\" class=\"h-text h-text-component style-1890 style-local-2222-c22 position-relative h-element\">\n                            <!---->\n                            <!---->\n                            <div class=\"\">\n                              <p>La R\u00e9serve utile en eau d&rsquo;un sol (Ru) correspond \u00e0 la quantit\u00e9 d\u2019eau que le sol peut absorber et restituer \u00e0 la plante. Cette donn\u00e9e a \u00e9t\u00e9 calcul\u00e9e selon les types de sols fournis par la notice morphop\u00e9dologique de Boulvert\n                                (1983) ainsi que les donn\u00e9es de l\u2019ISRIC [3]. Pour chaque type de sol, une valeur moyenne de Ru a \u00e9t\u00e9 calcul\u00e9e.<\/p>\n                            <\/div>\n                          <\/div>\n                        <\/div>\n                      <\/div>\n                    <\/div>\n                  <\/div>\n                <\/div>\n              <\/div>\n            <\/div>\n          <\/div>\n          <div class=\"h-column h-column-container d-flex h-col-lg-auto h-col-md-auto h-col-auto style-1861-outer style-local-2222-c23-outer\">\n            <div data-colibri-id=\"2222-c23\" class=\"d-flex h-flex-basis h-column__inner h-px-lg-0 h-px-md-0 h-px-2 v-inner-lg-0 v-inner-md-0 v-inner-2 style-1861 style-local-2222-c23 position-relative\">\n              <!---->\n              <!---->\n              <div class=\"w-100 h-y-container h-column__content h-column__v-align flex-basis-100 align-self-lg-start align-self-md-start align-self-start\">\n                <!---->\n                <div data-colibri-id=\"2222-c24\" class=\"h-row-container gutters-row-lg-1 gutters-row-md-1 gutters-row-0 gutters-row-v-lg-1 gutters-row-v-md-1 gutters-row-v-2 style-1862 style-local-2222-c24 position-relative\">\n                  <!---->\n                  <div class=\"h-row justify-content-lg-center justify-content-md-center justify-content-center align-items-lg-stretch align-items-md-stretch align-items-stretch gutters-col-lg-1 gutters-col-md-1 gutters-col-0 gutters-col-v-lg-1 gutters-col-v-md-1 gutters-col-v-2\">\n                    <!---->\n                    <div class=\"h-column h-column-container d-flex h-col-lg-12 h-col-md-12 h-col-12 style-1865-outer style-local-2222-c25-outer\">\n                      <div data-colibri-id=\"2222-c25\" class=\"d-flex h-flex-basis h-column__inner h-px-lg-1 h-px-md-1 h-px-1 v-inner-lg-1 v-inner-md-1 v-inner-1 style-1865 style-local-2222-c25 position-relative\">\n                        <!---->\n                        <!---->\n                        <div class=\"w-100 h-y-container h-column__content h-column__v-align flex-basis-100 align-self-lg-start align-self-md-start align-self-start\">\n                          <!---->\n                          <div data-colibri-id=\"2222-c26\" class=\"h-global-transition-all h-heading style-1866 style-local-2222-c26 position-relative h-element\">\n                            <!---->\n                            <div class=\"h-heading__outer style-1866 style-local-2222-c26\">\n                              <!---->\n                              <!---->\n                              <h6 class=\"\">2.1.3 Algorithme de calcul de la LPC<\/h6>\n                            <\/div>\n                          <\/div>\n                          <div data-colibri-id=\"2222-c27\" class=\"h-text h-text-component style-1867 style-local-2222-c27 position-relative h-element\">\n                            <!---->\n                            <!---->\n                            <div class=\"\">\n                              <p>*\/ Initialisation Rh\n                                <sub>Octobre<\/sub> \u00e0 Ru (p\u00e9riode ou le sol est satur\u00e9 en&nbsp;eau)<\/p>\n                              <p>*\/ Initialisation du nombre de mois de croissance \u00e0&nbsp;0 (PC = 0)<\/p>\n                              <p>*\/ Pour chaque mois (ex : de Novembre \u00e0 Octobre) :<\/p>\n                              <p>&nbsp;&nbsp;&nbsp;&nbsp;&nbsp;&nbsp;&nbsp;&nbsp;&nbsp;&nbsp;&nbsp;&nbsp;&nbsp;Rhm = Rhm-1<\/p>\n                              <p>&nbsp;&nbsp;&nbsp;&nbsp;&nbsp;&nbsp;&nbsp;&nbsp;&nbsp;&nbsp;&nbsp;&nbsp;&nbsp;Bhm = (Pm \u2013 Etpm) + Rhm<\/p>\n                              <p>&nbsp;&nbsp;&nbsp;&nbsp;&nbsp;&nbsp;&nbsp;&nbsp;&nbsp;&nbsp;&nbsp;&nbsp;&nbsp;&nbsp;&nbsp;&nbsp;&nbsp;&nbsp;&nbsp;&nbsp;&nbsp;&nbsp;&nbsp;&nbsp;&nbsp;&nbsp;&nbsp;Con [Bhm &gt;0,&nbsp;Rhm = min (Ru, Bhm)]<\/p>\n                              <p>&nbsp;&nbsp;&nbsp;&nbsp;&nbsp;&nbsp;&nbsp;&nbsp;&nbsp;&nbsp;&nbsp;&nbsp;&nbsp;&nbsp;&nbsp;&nbsp;&nbsp;&nbsp;&nbsp;&nbsp;&nbsp;&nbsp;&nbsp;&nbsp;&nbsp;&nbsp;&nbsp;Con [Bhm \u22640,&nbsp;Rhm = max (0, Bhm)]<\/p>\n                              <p>&nbsp;&nbsp;&nbsp;&nbsp;&nbsp;&nbsp;&nbsp;&nbsp;&nbsp;&nbsp;&nbsp;&nbsp;&nbsp;&nbsp;&nbsp;&nbsp;&nbsp;&nbsp;&nbsp;&nbsp;&nbsp;&nbsp;&nbsp;&nbsp;&nbsp;&nbsp;&nbsp;&nbsp;&nbsp;&nbsp;&nbsp;&nbsp;&nbsp;&nbsp;&nbsp;&nbsp;&nbsp;&nbsp;&nbsp;&nbsp;&nbsp;Con\n                                [Bhm &gt; 0, PC = 1]<\/p>\n                              <p>&nbsp;&nbsp;&nbsp;&nbsp;&nbsp;&nbsp;&nbsp;&nbsp;&nbsp;&nbsp;&nbsp;&nbsp;&nbsp;&nbsp;&nbsp;&nbsp;&nbsp;&nbsp;&nbsp;&nbsp;&nbsp;&nbsp;&nbsp;&nbsp;&nbsp;&nbsp;&nbsp;&nbsp;&nbsp;&nbsp;&nbsp;&nbsp;&nbsp;&nbsp;&nbsp;&nbsp;&nbsp;&nbsp;&nbsp;&nbsp;&nbsp;Con\n                                [Bhm \u2264 0, PC = 0]<\/p>\n                              <p>&nbsp;&nbsp;&nbsp;&nbsp;&nbsp;&nbsp;&nbsp;&nbsp;&nbsp;&nbsp;&nbsp;&nbsp;&nbsp;&nbsp;LPC\n                                <sub>tot<\/sub>= \u2211\n                                <sub>1 \u00e0 12 <\/sub>(PC)<\/p>\n                            <\/div>\n                          <\/div>\n                        <\/div>\n                      <\/div>\n                    <\/div>\n                    <div class=\"h-column h-column-container d-flex h-col-lg-12 h-col-md-12 h-col-12 style-1885-outer style-local-2222-c28-outer\">\n                      <div data-colibri-id=\"2222-c28\" class=\"d-flex h-flex-basis h-column__inner h-px-lg-2 h-px-md-2 h-px-2 v-inner-lg-2 v-inner-md-2 v-inner-2 style-1885 style-local-2222-c28 position-relative\">\n                        <!---->\n                        <!---->\n                        <div class=\"w-100 h-y-container h-column__content h-column__v-align flex-basis-100 align-self-lg-start align-self-md-start align-self-start\">\n                          <!---->\n                          <div data-colibri-id=\"2222-c29\" class=\"h-text h-text-component style-1886 style-local-2222-c29 position-relative h-element\">\n                            <!---->\n                            <!---->\n                            <div class=\"\">\n                              <p>2.1.4 Classification retenue de la LPC\n                                <br>\n                              <\/p>\n                            <\/div>\n                          <\/div>\n                          <div data-colibri-id=\"2222-c30\" class=\"h-text h-text-component style-1887 style-local-2222-c30 position-relative h-element\">\n                            <!---->\n                            <!---->\n                            <div class=\"\">\n                              <p>La classification retenue est la suivante :<\/p>\n                              <ul>\n                                <li>S1 : aptitude \u00e9lev\u00e9e (p\u00e9riode de croissance entre 6 mois et 12 mois) <\/li>\n                                <li>S2 : aptitude moyenne (p\u00e9riode de croissance de 5 mois) ;&nbsp;&nbsp;<\/li>\n                                <li>S3 : aptitude marginale&nbsp;(p\u00e9riode de croissance de 4 mois) ;<\/li>\n                                <li>N1 : inaptitude actuelle (p\u00e9riode de croissance entre 2 mois et 3 mois) ;&nbsp;<\/li>\n                                <li>N2 : inaptitude permanente (p\u00e9riode de croissance entre 0 et 1 mois).<\/li>\n                              <\/ul>\n                            <\/div>\n                          <\/div>\n                        <\/div>\n                      <\/div>\n                    <\/div>\n                  <\/div>\n                <\/div>\n              <\/div>\n            <\/div>\n          <\/div>\n        <\/div>\n      <\/div>\n    <\/div>\n  <\/div>\n  <div data-colibri-component=\"section\" data-colibri-id=\"2222-c36\" id=\"custom-2\" class=\"h-section h-section-global-spacing d-flex align-items-lg-center align-items-md-center align-items-center style-1891 style-local-2222-c36 position-relative\">\n    <!---->\n    <!---->\n    <div class=\"h-section-grid-container h-section-boxed-container\">\n      <!---->\n      <div data-colibri-id=\"2222-c37\" class=\"h-row-container gutters-row-lg-2 gutters-row-md-2 gutters-row-0 gutters-row-v-lg-2 gutters-row-v-md-2 gutters-row-v-2 style-1892 style-local-2222-c37 position-relative\">\n        <!---->\n        <div class=\"h-row justify-content-lg-center justify-content-md-center justify-content-center align-items-lg-stretch align-items-md-stretch align-items-stretch gutters-col-lg-2 gutters-col-md-2 gutters-col-0 gutters-col-v-lg-2 gutters-col-v-md-2 gutters-col-v-2\">\n          <!---->\n          <div class=\"h-column h-column-container d-flex h-col-lg-12 h-col-md-12 h-col-12 style-1893-outer style-local-2222-c38-outer\">\n            <div data-colibri-id=\"2222-c38\" class=\"d-flex h-flex-basis h-column__inner h-px-lg-2 h-px-md-2 h-px-2 v-inner-lg-2 v-inner-md-2 v-inner-2 style-1893 style-local-2222-c38 position-relative\">\n              <!---->\n              <!---->\n              <div class=\"w-100 h-y-container h-column__content h-column__v-align flex-basis-100 align-self-lg-start align-self-md-start align-self-start\">\n                <!---->\n                <div data-colibri-id=\"2222-c39\" class=\"h-text h-text-component style-1898 style-local-2222-c39 position-relative h-element\">\n                  <!---->\n                  <!---->\n                  <div class=\"\">\n                    <p>2.2. Aptitude des terres selon les types de sols\n                      <br>\n                    <\/p>\n                  <\/div>\n                <\/div>\n                <div data-colibri-id=\"2222-c40\" class=\"h-text h-text-component style-1897 style-local-2222-c40 position-relative h-element\">\n                  <!---->\n                  <!---->\n                  <div class=\"\">\n                    <p>Dans la pr\u00e9sente \u00e9tude l\u2019aptitude des sols \u00e0 la production v\u00e9g\u00e9tale a \u00e9t\u00e9 d\u00e9finie \u00e0 dires d\u2019experts avec l\u2019aide du Service National des Sols de Guin\u00e9e (SENASOL). Elle a \u00e9t\u00e9 cartographi\u00e9e par r\u00e9interpr\u00e9tation de la carte morphop\u00e9dologique\n                      de la Guin\u00e9e \u00e9tablie \u00e0 l\u2019\u00e9chelle 1\/500 000 par Y. Boulvert (2003). La classification retenue est la suivante :<\/p>\n                    <ul>\n                      <li>S1 : Sols de bonne valeur agricole;<\/li>\n                      <li>S2 : Sols de valeur moyenne&nbsp;;<\/li>\n                      <li>S3 : Sols de valeur marginale&nbsp;;<\/li>\n                      <li>N1: Sols sans valeur actuelle&nbsp;;<\/li>\n                      <li>N2 : Sols d\u00e9finitivement sans valeur agricole<\/li>\n                    <\/ul>\n                  <\/div>\n                <\/div>\n              <\/div>\n            <\/div>\n          <\/div>\n          <div class=\"h-column h-column-container d-flex h-col-lg-12 h-col-md-12 h-col-12 style-1894-outer style-local-2222-c41-outer\">\n            <div data-colibri-id=\"2222-c41\" class=\"d-flex h-flex-basis h-column__inner h-px-lg-2 h-px-md-2 h-px-2 v-inner-lg-2 v-inner-md-2 v-inner-2 style-1894 style-local-2222-c41 position-relative\">\n              <!---->\n              <!---->\n              <div class=\"w-100 h-y-container h-column__content h-column__v-align flex-basis-100 align-self-lg-start align-self-md-start align-self-start\">\n                <!---->\n                <div data-colibri-id=\"2222-c42\" class=\"h-text h-text-component style-1899 style-local-2222-c42 position-relative h-element\">\n                  <!---->\n                  <!---->\n                  <div class=\"\">\n                    <p>2.3. Aptitude des terres selon la topographie\n                      <br>\n                    <\/p>\n                  <\/div>\n                <\/div>\n                <div data-colibri-id=\"2222-c43\" class=\"h-text h-text-component style-1900 style-local-2222-c43 position-relative h-element\">\n                  <!---->\n                  <!---->\n                  <div class=\"\">\n                    <p>La morphologie (topographie) d\u00e9finit l\u2019aptitude d\u2019une terre \u00e0 l\u2019agriculture en fonction de sa position dans le mod\u00e8le num\u00e9rique de terrain : sommet, bas fond, pi\u00e9mont, etc. et de sa pente. Dans le cas pr\u00e9sent, seul le facteur pente\n                      a \u00e9t\u00e9 traduit en classes d\u2019aptitudes agronomiques du fait que la classification des sols de Boulvert prend d\u00e9j\u00e0 en compte le crit\u00e8re morphologie. La classification des pentes \u00e9t\u00e9 r\u00e9alis\u00e9e \u00e0 partir du SRTM [5] au pas de 30m, par la\n                      fonction \u00ab\u00a0Slope\u00a0\u00bb d\u2019ArcGIS. La classification retenue est la suivante :<\/p>\n                    <ul>\n                      <li>S1 : 0% &#8211; 8% (Culture m\u00e9canis\u00e9e sans contrainte majeure)&nbsp;;<\/li>\n                      <li>S2 : 8% &#8211; 16% (Culture m\u00e9canis\u00e9e pouvant n\u00e9cessiter des engins sp\u00e9ciaux)&nbsp;;<\/li>\n                      <li>S3 : 15% &#8211; 30% (Culture manuelle)&nbsp;;<\/li>\n                      <li>N2 : 30% \u00e0 60% (Culture manuelle apr\u00e8s am\u00e9nagements limitant l\u2019\u00e9rosion)&nbsp;;<\/li>\n                      <li>N1 : = &gt; 60% (Limitant toute culture pour risques d\u2019\u00e9rosion).<\/li>\n                    <\/ul>\n                  <\/div>\n                <\/div>\n              <\/div>\n            <\/div>\n          <\/div>\n          <div class=\"h-column h-column-container d-flex h-col-lg-12 h-col-md-12 h-col-12 style-1895-outer style-local-2222-c44-outer\">\n            <div data-colibri-id=\"2222-c44\" class=\"d-flex h-flex-basis h-column__inner h-px-lg-2 h-px-md-2 h-px-2 v-inner-lg-2 v-inner-md-2 v-inner-2 style-1895 style-local-2222-c44 position-relative\">\n              <!---->\n              <!---->\n              <div class=\"w-100 h-y-container h-column__content h-column__v-align flex-basis-100 align-self-lg-start align-self-md-start align-self-start\">\n                <!---->\n                <div data-colibri-id=\"2222-c45\" class=\"h-text h-text-component style-1901 style-local-2222-c45 position-relative h-element\">\n                  <!---->\n                  <!---->\n                  <div class=\"\">\n                    <p>2.4. M\u00e9thodologie op\u00e9rationnelle de cartographie du zonage agro\u00e9cologique (aptitude agronomique des sols)\n                      <br>\n                    <\/p>\n                  <\/div>\n                <\/div>\n                <div data-colibri-id=\"2222-c46\" class=\"h-text h-text-component style-1902 style-local-2222-c46 position-relative h-element\">\n                  <!---->\n                  <!---->\n                  <div class=\"\">\n                    <p>Chaque couche de base est rast\u00e9ris\u00e9e (morphop\u00e9dologie) ou r\u00e9\u00e9chantillonn\u00e9e (pente, p\u00e9riode de croissance) au pas de 100m. Par la suite, chaque raster est reclassifi\u00e9 en classes d\u2019aptitudes de 1 \u00e0 5. Enfin, une couche finale d\u2019aptitudes\n                      p\u00e9doclimatiques est obtenue en ne conservant que l\u2019aptitude la plus limitante pour chaque maille selon la loi du minimum de Liebig.<\/p>\n                  <\/div>\n                <\/div>\n              <\/div>\n            <\/div>\n          <\/div>\n        <\/div>\n      <\/div>\n    <\/div>\n  <\/div>\n  <div data-colibri-component=\"section\" data-colibri-id=\"2222-c47\" id=\"custom-4\" class=\"h-section h-section-global-spacing d-flex align-items-lg-center align-items-md-center align-items-center style-1906 style-local-2222-c47 position-relative\">\n    <!---->\n    <!---->\n    <div class=\"h-section-grid-container h-section-boxed-container\">\n      <div data-colibri-id=\"2222-c52\" class=\"h-row-container gutters-row-lg-2 gutters-row-md-2 gutters-row-0 gutters-row-v-lg-2 gutters-row-v-md-2 gutters-row-v-2 style-1923 style-local-2222-c52 position-relative\">\n        <!---->\n        <div class=\"h-row justify-content-lg-center justify-content-md-center justify-content-center align-items-lg-stretch align-items-md-stretch align-items-stretch gutters-col-lg-2 gutters-col-md-2 gutters-col-0 gutters-col-v-lg-2 gutters-col-v-md-2 gutters-col-v-2\">\n          <!---->\n          <div class=\"h-column h-column-container d-flex h-col-lg-auto h-col-md-auto h-col-auto style-1924-outer style-local-2222-c53-outer\">\n            <div data-colibri-id=\"2222-c53\" class=\"d-flex h-flex-basis h-column__inner h-px-lg-1 h-px-md-1 h-px-1 v-inner-lg-1 v-inner-md-1 v-inner-1 style-1924 style-local-2222-c53 position-relative\">\n              <!---->\n              <!---->\n              <div class=\"w-100 h-y-container h-column__content h-column__v-align flex-basis-100 align-self-lg-start align-self-md-start align-self-start\">\n                <!---->\n                <div data-colibri-id=\"2222-c54\" class=\"h-global-transition-all h-heading style-1925 style-local-2222-c54 position-relative h-element\">\n                  <!---->\n                  <div class=\"h-heading__outer style-1925 style-local-2222-c54\">\n                    <!---->\n                    <!---->\n                    <h4 class=\"\">3. Cartographie de la vocation des terres<\/h4>\n                  <\/div>\n                <\/div>\n                <div data-colibri-id=\"2222-c55\" class=\"h-text h-text-component style-1926 style-local-2222-c55 position-relative h-element\">\n                  <!---->\n                  <!---->\n                  <div class=\"\">\n                    <p>La carte relative \u00e0 la vocation agricole des terres repr\u00e9sente les terres aptes \u00e0 l&rsquo;agriculture et disponibles pour une production agricole. Les terres disponibles sont entendues ici comme les terres o\u00f9 de futurs producteurs peuvent\n                      disposer d\u2019un droit d\u2019acc\u00e8s et d\u2019utilisation \u00e0 des fins agricoles, et qui ne sont pas r\u00e9serv\u00e9es \u00e0 d\u2019autres usages. Les droits d\u2019acc\u00e8s et d\u2019utilisation tout comme les usages r\u00e9serv\u00e9s sont en g\u00e9n\u00e9ral d\u00e9finis au travers des diff\u00e9rents\n                      zonages r\u00e9glementaires maillant le territoire : plans d\u2019urbanisme, zonage forestier, zonage minier, projets d\u2019infrastructures, etc. Ces zonages d\u00e9finissent des vocations d\u2019utilisation.<\/p>\n                    <p>En l\u2019absence d\u2019un plan national d\u2019am\u00e9nagement du territoire, ces vocations ont \u00e9t\u00e9 cartographi\u00e9es \u00e0 partir de la cartographie de l\u2019occupation des sols 2020 et celle des aires prot\u00e9g\u00e9es de l\u2019UICN 2020.<\/p>\n                    <ul>\n                      <li>A partir de l&rsquo;occupation des sols, les territoires artificialis\u00e9s (villes, infrastructures), les mines, les for\u00eats denses (yc galeries), les mangroves et les for\u00eats mar\u00e9cageuses ont \u00e9t\u00e9 consid\u00e9r\u00e9s comme non disponibles pour une production\n                        agricole<\/li>\n                      <li>Parmi les aires prot\u00e9g\u00e9es, les for\u00eats class\u00e9es et les parcs nationaux ont \u00e9t\u00e9 consid\u00e9r\u00e9s comme non disponibles pour une production agricole<\/li>\n                    <\/ul>\n                    <p>Les terres non disponibles ont \u00e9t\u00e9 consid\u00e9r\u00e9es sans vocation agricole\n                      <br>\n                    <\/p>\n                  <\/div>\n                <\/div>\n              <\/div>\n            <\/div>\n          <\/div>\n        <\/div>\n      <\/div>\n      <div data-colibri-id=\"2222-c48\" class=\"h-row-container gutters-row-lg-2 gutters-row-md-2 gutters-row-0 gutters-row-v-lg-2 gutters-row-v-md-2 gutters-row-v-2 style-1907 style-local-2222-c48 position-relative\">\n        <!---->\n        <div class=\"h-row justify-content-lg-center justify-content-md-center justify-content-center align-items-lg-stretch align-items-md-stretch align-items-stretch gutters-col-lg-2 gutters-col-md-2 gutters-col-0 gutters-col-v-lg-2 gutters-col-v-md-2 gutters-col-v-2\">\n          <!---->\n          <div class=\"h-column h-column-container d-flex h-col-lg-auto h-col-md-auto h-col-auto style-1908-outer style-local-2222-c49-outer\">\n            <div data-colibri-id=\"2222-c49\" class=\"d-flex h-flex-basis h-column__inner h-px-lg-2 h-px-md-2 h-px-2 v-inner-lg-2 v-inner-md-2 v-inner-2 style-1908 style-local-2222-c49 position-relative\">\n              <!---->\n              <!---->\n              <div class=\"w-100 h-y-container h-column__content h-column__v-align flex-basis-100 align-self-lg-start align-self-md-start align-self-start\">\n                <!---->\n                <div data-colibri-id=\"2222-c50\" class=\"h-text h-text-component style-1927 style-local-2222-c50 position-relative h-element\">\n                  <!---->\n                  <!---->\n                  <div class=\"\">\n                    <p>3.1. M\u00e9thodologie op\u00e9rationnelle\n                      <br>\n                    <\/p>\n                  <\/div>\n                <\/div>\n                <div data-colibri-id=\"2222-c51\" class=\"h-text h-text-component style-1911 style-local-2222-c51 position-relative h-element\">\n                  <!---->\n                  <!---->\n                  <div class=\"\">\n                    <p>La couche d\u2019OCS 2020 est rast\u00e9ris\u00e9e au pas de 100m. Puis elle est reclassifi\u00e9e en fonction des vocations d\u00e9finies \u00e0 dires d&rsquo;expert (ANASA, CIrad). Les for\u00eats class\u00e9es et les parcs naturels sont extraits de la couche des aires prot\u00e9g\u00e9es\n                      de l\u2019UICN (2020), puis \u00e9galement rast\u00e9ris\u00e9s. Ces couches sont ensuite assembl\u00e9es pour former une couche de type masque : 0 = sans vocation agricole \/ 1 = avec vocation agricole.<\/p>\n                    <p>Le masque est ensuite appliqu\u00e9 \u00e0 la couche des aptitudes agronomiques pour former la couche des vocations agricoles.<\/p>\n                    <ul>\n                      <li>S1 : terre \u00e0 vocation \u00e9lev\u00e9e<\/li>\n                      <li>S2 : Terre \u00e0 vocation moyenne ;&nbsp;&nbsp;<\/li>\n                      <li>S3 : Terre \u00e0 vocation margnale ;<\/li>\n                      <li>N1 : inaptitude actuelle (p\u00e9riode de croissance entre 2 mois et 3 mois) ;&nbsp;<\/li>\n                      <li>N2 : inaptitude permanente (p\u00e9riode de croissance entre 0 et 1 mois).<\/li>\n                    <\/ul>\n                    <p>\n                      <br>\n                    <\/p>\n                    <p>\n                      <br>\n                    <\/p>\n                  <\/div>\n                <\/div>\n              <\/div>\n            <\/div>\n          <\/div>\n        <\/div>\n      <\/div>\n    <\/div>\n  <\/div>\n<\/div>","protected":false},"excerpt":{"rendered":"<p>Cartographie du zonage agro-\u00e9cologique et de la vocation agricole des terres Le Zonage Agro\u00c9cologique (ZAE) d\u00e9finit des zones homog\u00e8nes sur base de l&rsquo;interaction des caract\u00e9ristiques de sols, de la g\u00e9omorphologie et du climat. Il repose sur une analyse multicrit\u00e8re de l\u2019aptitude des terres \u00e0 l\u2019agriculture et \u00e0 la production v\u00e9g\u00e9tale. Il permet d\u2019estimer la vocation [&hellip;]<\/p>\n","protected":false},"author":2,"featured_media":0,"parent":0,"menu_order":0,"comment_status":"closed","ping_status":"closed","template":"page-templates\/full-width-page.php","meta":{"footnotes":""},"class_list":["post-2222","page","type-page","status-publish","hentry"],"_links":{"self":[{"href":"https:\/\/zaeg.teledetection.fr\/index.php?rest_route=\/wp\/v2\/pages\/2222","targetHints":{"allow":["GET"]}}],"collection":[{"href":"https:\/\/zaeg.teledetection.fr\/index.php?rest_route=\/wp\/v2\/pages"}],"about":[{"href":"https:\/\/zaeg.teledetection.fr\/index.php?rest_route=\/wp\/v2\/types\/page"}],"author":[{"embeddable":true,"href":"https:\/\/zaeg.teledetection.fr\/index.php?rest_route=\/wp\/v2\/users\/2"}],"replies":[{"embeddable":true,"href":"https:\/\/zaeg.teledetection.fr\/index.php?rest_route=%2Fwp%2Fv2%2Fcomments&post=2222"}],"version-history":[{"count":20,"href":"https:\/\/zaeg.teledetection.fr\/index.php?rest_route=\/wp\/v2\/pages\/2222\/revisions"}],"predecessor-version":[{"id":6017,"href":"https:\/\/zaeg.teledetection.fr\/index.php?rest_route=\/wp\/v2\/pages\/2222\/revisions\/6017"}],"wp:attachment":[{"href":"https:\/\/zaeg.teledetection.fr\/index.php?rest_route=%2Fwp%2Fv2%2Fmedia&parent=2222"}],"curies":[{"name":"wp","href":"https:\/\/api.w.org\/{rel}","templated":true}]}}